{"id":19963,"date":"2024-12-16T15:47:55","date_gmt":"2024-12-16T14:47:55","guid":{"rendered":"https:\/\/fuerst-reisen.de\/?page_id=19963"},"modified":"2025-01-13T15:32:16","modified_gmt":"2025-01-13T14:32:16","slug":"reisebus-und-kleinbus-service-2","status":"publish","type":"page","link":"https:\/\/fuerst-reisen.de\/en\/reisebus-und-kleinbus-service-2\/","title":{"rendered":"Fahrzeuge"},"content":{"rendered":"<div data-elementor-type=\"wp-page\" data-elementor-id=\"19963\" class=\"elementor elementor-19963\">\n\t\t\t\t<div class=\"elementor-element elementor-element-4678dbe4 e-con-full e-flex wpr-particle-no wpr-jarallax-no wpr-parallax-no wpr-sticky-section-no wpr-equal-height-no e-con e-parent\" data-id=\"4678dbe4\" data-element_type=\"container\" data-e-type=\"container\" data-settings=\"{&quot;background_background&quot;:&quot;classic&quot;}\">\n\t\t<div class=\"elementor-element elementor-element-60b35db6 e-flex e-con-boxed wpr-particle-no wpr-jarallax-no wpr-parallax-no wpr-sticky-section-no wpr-equal-height-no e-con e-child\" data-id=\"60b35db6\" data-element_type=\"container\" data-e-type=\"container\" data-settings=\"{&quot;background_background&quot;:&quot;classic&quot;}\">\n\t\t\t\t\t<div class=\"e-con-inner\">\n\t\t\t\t<div class=\"elementor-element elementor-element-740ac3f8 elementor-widget elementor-widget-spacer\" data-id=\"740ac3f8\" data-element_type=\"widget\" data-e-type=\"widget\" data-widget_type=\"spacer.default\">\n\t\t\t\t<div class=\"elementor-widget-container\">\n\t\t\t\t\t\t\t<div class=\"elementor-spacer\">\n\t\t\t<div class=\"elementor-spacer-inner\"><\/div>\n\t\t<\/div>\n\t\t\t\t\t\t<\/div>\n\t\t\t\t<\/div>\n\t\t<div class=\"elementor-element elementor-element-57705838 e-flex e-con-boxed wpr-particle-no wpr-jarallax-no wpr-parallax-no wpr-sticky-section-no wpr-equal-height-no e-con e-child\" data-id=\"57705838\" data-element_type=\"container\" data-e-type=\"container\" id=\"Anfrage\">\n\t\t\t\t\t<div class=\"e-con-inner\">\n\t\t\t\t<div class=\"elementor-element elementor-element-4c47e236 elementor-widget elementor-widget-heading\" data-id=\"4c47e236\" data-element_type=\"widget\" data-e-type=\"widget\" data-widget_type=\"heading.default\">\n\t\t\t\t<div class=\"elementor-widget-container\">\n\t\t\t\t\t<h3 class=\"elementor-heading-title elementor-size-default\">Unsere Fahrzeugflotte<\/h3>\t\t\t\t<\/div>\n\t\t\t\t<\/div>\n\t\t\t\t<div class=\"elementor-element elementor-element-4a18b85f elementor-widget elementor-widget-heading\" data-id=\"4a18b85f\" data-element_type=\"widget\" data-e-type=\"widget\" data-widget_type=\"heading.default\">\n\t\t\t\t<div class=\"elementor-widget-container\">\n\t\t\t\t\t<h4 class=\"elementor-heading-title elementor-size-default\">Entdecken Sie unsere hochwertigen Fahrzeuge f\u00fcr Busvermietung, VIP-Transfers und Shuttle-Services \u2013 komfortabel, zuverl\u00e4ssig und perfekt f\u00fcr jede Gelegenheit.<\/h4>\t\t\t\t<\/div>\n\t\t\t\t<\/div>\n\t\t\t\t\t<\/div>\n\t\t\t\t<\/div>\n\t\t<div class=\"elementor-element elementor-element-7a4a953d e-con-full e-flex wpr-particle-no wpr-jarallax-no wpr-parallax-no wpr-sticky-section-no wpr-equal-height-no e-con e-child\" data-id=\"7a4a953d\" data-element_type=\"container\" data-e-type=\"container\" data-settings=\"{&quot;background_background&quot;:&quot;classic&quot;}\">\n\t\t\t\t<div class=\"elementor-element elementor-element-64daaffb elementor-widget elementor-widget-elementskit-contact-form7\" data-id=\"64daaffb\" data-element_type=\"widget\" data-e-type=\"widget\" data-widget_type=\"elementskit-contact-form7.default\">\n\t\t\t\t<div class=\"elementor-widget-container\">\n\t\t\t\t\t<div class=\"ekit-wid-con\" ><div class=\"ekit-form\"><p class=\"wpcf7-contact-form-not-found\"><strong>Error:<\/strong> Contact form not found.<\/p><\/div><\/div>\t\t\t\t<\/div>\n\t\t\t\t<\/div>\n\t\t\t\t<\/div>\n\t\t\t\t\t<\/div>\n\t\t\t\t<\/div>\n\t\t\t\t<\/div>\n\t\t<div class=\"elementor-element elementor-element-a1a4dd5 e-flex e-con-boxed wpr-particle-no wpr-jarallax-no wpr-parallax-no wpr-sticky-section-no wpr-equal-height-no e-con e-parent\" data-id=\"a1a4dd5\" data-element_type=\"container\" data-e-type=\"container\" data-settings=\"{&quot;background_background&quot;:&quot;classic&quot;}\">\n\t\t\t\t\t<div class=\"e-con-inner\">\n\t\t\t\t<div class=\"elementor-element elementor-element-ae58657 elementor-widget elementor-widget-heading\" data-id=\"ae58657\" data-element_type=\"widget\" data-e-type=\"widget\" data-widget_type=\"heading.default\">\n\t\t\t\t<div class=\"elementor-widget-container\">\n\t\t\t\t\t<h2 class=\"elementor-heading-title elementor-size-default\">Comfort and safety on every journey.<\/h2>\t\t\t\t<\/div>\n\t\t\t\t<\/div>\n\t\t\t\t<div class=\"elementor-element elementor-element-7f3b797 elementor-widget elementor-widget-heading\" data-id=\"7f3b797\" data-element_type=\"widget\" data-e-type=\"widget\" data-widget_type=\"heading.default\">\n\t\t\t\t<div class=\"elementor-widget-container\">\n\t\t\t\t\t<h2 class=\"elementor-heading-title elementor-size-default\">Unsere Busse<\/h2>\t\t\t\t<\/div>\n\t\t\t\t<\/div>\n\t\t\t\t\t<\/div>\n\t\t\t\t<\/div>\n\t\t<div class=\"elementor-element elementor-element-9b65262 e-flex e-con-boxed wpr-particle-no wpr-jarallax-no wpr-parallax-no wpr-sticky-section-no wpr-equal-height-no e-con e-parent\" data-id=\"9b65262\" data-element_type=\"container\" data-e-type=\"container\">\n\t\t\t\t\t<div class=\"e-con-inner\">\n\t\t<div class=\"elementor-element elementor-element-f03e4ae e-con-full e-flex wpr-particle-no wpr-jarallax-no wpr-parallax-no wpr-sticky-section-no wpr-equal-height-no e-con e-child\" data-id=\"f03e4ae\" data-element_type=\"container\" data-e-type=\"container\">\n\t\t\t\t<div class=\"elementor-element elementor-element-5c093d0 elementor-widget elementor-widget-image\" data-id=\"5c093d0\" data-element_type=\"widget\" data-e-type=\"widget\" data-widget_type=\"image.default\">\n\t\t\t\t<div class=\"elementor-widget-container\">\n\t\t\t\t\t\t\t\t\t\t\t\t\t\t\t<img decoding=\"async\" src=\"https:\/\/fuerst-reisen.de\/wp-content\/uploads\/2024\/12\/Mercedes-sprinter.jpeg\" title=\"\" alt=\"\" loading=\"lazy\" \/>\t\t\t\t\t\t\t\t\t\t\t\t\t\t\t<\/div>\n\t\t\t\t<\/div>\n\t\t\t\t<div class=\"elementor-element elementor-element-bf87fed elementor-widget elementor-widget-heading\" data-id=\"bf87fed\" data-element_type=\"widget\" data-e-type=\"widget\" data-widget_type=\"heading.default\">\n\t\t\t\t<div class=\"elementor-widget-container\">\n\t\t\t\t\t<h2 class=\"elementor-heading-title elementor-size-default\">Mercedes-Benz Sprinter (16 Seats)<\/h2>\t\t\t\t<\/div>\n\t\t\t\t<\/div>\n\t\t\t\t<div class=\"elementor-element elementor-element-e37082d elementor-widget elementor-widget-text-editor\" data-id=\"e37082d\" data-element_type=\"widget\" data-e-type=\"widget\" data-widget_type=\"text-editor.default\">\n\t\t\t\t<div class=\"elementor-widget-container\">\n\t\t\t\t\t\t\t\t\t<p class=\"translation-block\">The MB Sprinter offers 16 reclining seats and one guide seat, each equipped with a table. The bus is equipped with air conditioning and microphones to provide passengers with high comfort and a pleasant travel experience for passengers.<\/p>\t\t\t\t\t\t\t\t<\/div>\n\t\t\t\t<\/div>\n\t\t\t\t<div class=\"elementor-element elementor-element-ac6316c elementor-align-left elementor-widget elementor-widget-button\" data-id=\"ac6316c\" data-element_type=\"widget\" data-e-type=\"widget\" data-widget_type=\"button.default\">\n\t\t\t\t<div class=\"elementor-widget-container\">\n\t\t\t\t\t\t\t\t\t<div class=\"elementor-button-wrapper\">\n\t\t\t\t\t<a class=\"elementor-button elementor-button-link elementor-size-sm\" href=\"https:\/\/duv-busvermietung.de\">\n\t\t\t\t\t\t<span class=\"elementor-button-content-wrapper\">\n\t\t\t\t\t\t\t\t\t<span class=\"elementor-button-text\">Request Now<\/span>\n\t\t\t\t\t<\/span>\n\t\t\t\t\t<\/a>\n\t\t\t\t<\/div>\n\t\t\t\t\t\t\t\t<\/div>\n\t\t\t\t<\/div>\n\t\t\t\t<\/div>\n\t\t<div class=\"elementor-element elementor-element-342f270 e-con-full e-flex wpr-particle-no wpr-jarallax-no wpr-parallax-no wpr-sticky-section-no wpr-equal-height-no e-con e-child\" data-id=\"342f270\" data-element_type=\"container\" data-e-type=\"container\">\n\t\t\t\t<div class=\"elementor-element elementor-element-aa697b9 elementor-widget elementor-widget-image\" data-id=\"aa697b9\" data-element_type=\"widget\" data-e-type=\"widget\" data-widget_type=\"image.default\">\n\t\t\t\t<div class=\"elementor-widget-container\">\n\t\t\t\t\t\t\t\t\t\t\t\t\t\t\t<img decoding=\"async\" src=\"https:\/\/fuerst-reisen.de\/wp-content\/uploads\/2024\/12\/Iveco-Cuby-Midi-Bus-1.jpeg\" title=\"\" alt=\"\" loading=\"lazy\" \/>\t\t\t\t\t\t\t\t\t\t\t\t\t\t\t<\/div>\n\t\t\t\t<\/div>\n\t\t\t\t<div class=\"elementor-element elementor-element-ea6ee49 elementor-widget elementor-widget-heading\" data-id=\"ea6ee49\" data-element_type=\"widget\" data-e-type=\"widget\" data-widget_type=\"heading.default\">\n\t\t\t\t<div class=\"elementor-widget-container\">\n\t\t\t\t\t<h2 class=\"elementor-heading-title elementor-size-default\">Iveco Cuby Midi Bus (25 Seats)<\/h2>\t\t\t\t<\/div>\n\t\t\t\t<\/div>\n\t\t\t\t<div class=\"elementor-element elementor-element-79164dc elementor-widget elementor-widget-text-editor\" data-id=\"79164dc\" data-element_type=\"widget\" data-e-type=\"widget\" data-widget_type=\"text-editor.default\">\n\t\t\t\t<div class=\"elementor-widget-container\">\n\t\t\t\t\t\t\t\t\t<p class=\"translation-block\">The Iveco Cuby Midi Bus offers space for 25 reclining seats and a tour guide seat. Each seat is equipped with a table. The bus features air conditioning, microphones, and a flat-screen monitor for comfort and entertainment during the journey.<\/p>\t\t\t\t\t\t\t\t<\/div>\n\t\t\t\t<\/div>\n\t\t\t\t<div class=\"elementor-element elementor-element-54b2a65 elementor-align-left elementor-widget elementor-widget-button\" data-id=\"54b2a65\" data-element_type=\"widget\" data-e-type=\"widget\" data-widget_type=\"button.default\">\n\t\t\t\t<div class=\"elementor-widget-container\">\n\t\t\t\t\t\t\t\t\t<div class=\"elementor-button-wrapper\">\n\t\t\t\t\t<a class=\"elementor-button elementor-button-link elementor-size-sm\" href=\"https:\/\/duv-busvermietung.de\">\n\t\t\t\t\t\t<span class=\"elementor-button-content-wrapper\">\n\t\t\t\t\t\t\t\t\t<span class=\"elementor-button-text\">Request Now<\/span>\n\t\t\t\t\t<\/span>\n\t\t\t\t\t<\/a>\n\t\t\t\t<\/div>\n\t\t\t\t\t\t\t\t<\/div>\n\t\t\t\t<\/div>\n\t\t\t\t<\/div>\n\t\t<div class=\"elementor-element elementor-element-fc27a69 e-con-full e-flex wpr-particle-no wpr-jarallax-no wpr-parallax-no wpr-sticky-section-no wpr-equal-height-no e-con e-child\" data-id=\"fc27a69\" data-element_type=\"container\" data-e-type=\"container\">\n\t\t\t\t<div class=\"elementor-element elementor-element-d630f4e elementor-widget elementor-widget-image\" data-id=\"d630f4e\" data-element_type=\"widget\" data-e-type=\"widget\" data-widget_type=\"image.default\">\n\t\t\t\t<div class=\"elementor-widget-container\">\n\t\t\t\t\t\t\t\t\t\t\t\t\t\t\t<img decoding=\"async\" src=\"https:\/\/fuerst-reisen.de\/wp-content\/uploads\/2021\/02\/Atomic-57-Sitzplaetze.jpg\" title=\"\" alt=\"\" loading=\"lazy\" \/>\t\t\t\t\t\t\t\t\t\t\t\t\t\t\t<\/div>\n\t\t\t\t<\/div>\n\t\t\t\t<div class=\"elementor-element elementor-element-33c07fa elementor-widget elementor-widget-heading\" data-id=\"33c07fa\" data-element_type=\"widget\" data-e-type=\"widget\" data-widget_type=\"heading.default\">\n\t\t\t\t<div class=\"elementor-widget-container\">\n\t\t\t\t\t<h2 class=\"elementor-heading-title elementor-size-default\">Reisebus MAN Lion*s Coach (49 \/ 53 \/ 57 Sitze)<\/h2>\t\t\t\t<\/div>\n\t\t\t\t<\/div>\n\t\t\t\t<div class=\"elementor-element elementor-element-d1b99ff elementor-widget elementor-widget-text-editor\" data-id=\"d1b99ff\" data-element_type=\"widget\" data-e-type=\"widget\" data-widget_type=\"text-editor.default\">\n\t\t\t\t<div class=\"elementor-widget-container\">\n\t\t\t\t\t\t\t\t\t<p>Der MAN Lion\u2019s Coach ist ein komfortabler Reisebus mit Sicherheitsgurten, Klimaanlage, Gep\u00e4ckablage, Leseleuchten, Armlehnen, Tischen, Fu\u00dfrasten, Radio\/CD, DVD-System, Mikrofon, Navigationssystem, K\u00fchlschrank, Bordk\u00fcche, WC und einem ger\u00e4umigen Kofferraum.<\/p>\t\t\t\t\t\t\t\t<\/div>\n\t\t\t\t<\/div>\n\t\t\t\t<div class=\"elementor-element elementor-element-71a3ed1 elementor-align-left elementor-widget elementor-widget-button\" data-id=\"71a3ed1\" data-element_type=\"widget\" data-e-type=\"widget\" data-widget_type=\"button.default\">\n\t\t\t\t<div class=\"elementor-widget-container\">\n\t\t\t\t\t\t\t\t\t<div class=\"elementor-button-wrapper\">\n\t\t\t\t\t<a class=\"elementor-button elementor-button-link elementor-size-sm\" href=\"https:\/\/duv-busvermietung.de\">\n\t\t\t\t\t\t<span class=\"elementor-button-content-wrapper\">\n\t\t\t\t\t\t\t\t\t<span class=\"elementor-button-text\">Request Now<\/span>\n\t\t\t\t\t<\/span>\n\t\t\t\t\t<\/a>\n\t\t\t\t<\/div>\n\t\t\t\t\t\t\t\t<\/div>\n\t\t\t\t<\/div>\n\t\t\t\t<\/div>\n\t\t\t\t\t<\/div>\n\t\t\t\t<\/div>\n\t\t<div class=\"elementor-element elementor-element-6bceae6 e-flex e-con-boxed wpr-particle-no wpr-jarallax-no wpr-parallax-no wpr-sticky-section-no wpr-equal-height-no e-con e-parent\" data-id=\"6bceae6\" data-element_type=\"container\" data-e-type=\"container\" data-settings=\"{&quot;background_background&quot;:&quot;classic&quot;}\">\n\t\t\t\t\t<div class=\"e-con-inner\">\n\t\t\t\t<div class=\"elementor-element elementor-element-7654a94 elementor-widget elementor-widget-heading\" data-id=\"7654a94\" data-element_type=\"widget\" data-e-type=\"widget\" data-widget_type=\"heading.default\">\n\t\t\t\t<div class=\"elementor-widget-container\">\n\t\t\t\t\t<h2 class=\"elementor-heading-title elementor-size-default\">Unsere Limousinen<\/h2>\t\t\t\t<\/div>\n\t\t\t\t<\/div>\n\t\t\t\t<div class=\"elementor-element elementor-element-d2378d8 elementor-widget elementor-widget-text-editor\" data-id=\"d2378d8\" data-element_type=\"widget\" data-e-type=\"widget\" data-widget_type=\"text-editor.default\">\n\t\t\t\t<div class=\"elementor-widget-container\">\n\t\t\t\t\t\t\t\t\t<p>Alle unsere Limousinen sind mit einer Klimaanlage f\u00fcr optimalen Komfort, edler Lederausstattung und einem gro\u00dfz\u00fcgigen Gep\u00e4ckraum f\u00fcr ausreichend Stauraum ausgestattet.<\/p>\t\t\t\t\t\t\t\t<\/div>\n\t\t\t\t<\/div>\n\t\t\t\t\t<\/div>\n\t\t\t\t<\/div>\n\t\t<div class=\"elementor-element elementor-element-40d3ec8 e-flex e-con-boxed wpr-particle-no wpr-jarallax-no wpr-parallax-no wpr-sticky-section-no wpr-equal-height-no e-con e-parent\" data-id=\"40d3ec8\" data-element_type=\"container\" data-e-type=\"container\">\n\t\t\t\t\t<div class=\"e-con-inner\">\n\t\t<div class=\"elementor-element elementor-element-2033498 e-con-full e-flex wpr-particle-no wpr-jarallax-no wpr-parallax-no wpr-sticky-section-no wpr-equal-height-no e-con e-child\" data-id=\"2033498\" data-element_type=\"container\" data-e-type=\"container\" data-settings=\"{&quot;background_background&quot;:&quot;classic&quot;}\">\n\t\t\t\t<div class=\"elementor-element elementor-element-1cc8215 elementor-widget elementor-widget-image\" data-id=\"1cc8215\" data-element_type=\"widget\" data-e-type=\"widget\" data-widget_type=\"image.default\">\n\t\t\t\t<div class=\"elementor-widget-container\">\n\t\t\t\t\t\t\t\t\t\t\t\t\t\t\t<img decoding=\"async\" src=\"https:\/\/fuerst-reisen.de\/wp-content\/uploads\/2016\/03\/mercedes-benz-s-klasse-premium-fuerst-reisen.jpg\" title=\"\" alt=\"F\u00fcrst-Reisen UG (Haftungsbeschr\u00e4nkt)\" loading=\"lazy\" \/>\t\t\t\t\t\t\t\t\t\t\t\t\t\t\t<\/div>\n\t\t\t\t<\/div>\n\t\t\t\t<div class=\"elementor-element elementor-element-c074691 elementor-widget elementor-widget-heading\" data-id=\"c074691\" data-element_type=\"widget\" data-e-type=\"widget\" data-widget_type=\"heading.default\">\n\t\t\t\t<div class=\"elementor-widget-container\">\n\t\t\t\t\t<h2 class=\"elementor-heading-title elementor-size-default\">Mercedes Benz S-Klasse<\/h2>\t\t\t\t<\/div>\n\t\t\t\t<\/div>\n\t\t\t\t<div class=\"elementor-element elementor-element-71bbce6 elementor-widget elementor-widget-text-editor\" data-id=\"71bbce6\" data-element_type=\"widget\" data-e-type=\"widget\" data-widget_type=\"text-editor.default\">\n\t\t\t\t<div class=\"elementor-widget-container\">\n\t\t\t\t\t\t\t\t\t<p><strong>Personenanzahl:<\/strong> <br \/>2+1 <strong><br \/>Preise: <br \/><\/strong>City Transfer ab 112 \u20ac<br \/>2 Std. in Berlin ab 168\u20ac<br \/>6 Stunden ab 392 \u20ac<\/p>\t\t\t\t\t\t\t\t<\/div>\n\t\t\t\t<\/div>\n\t\t\t\t<div class=\"elementor-element elementor-element-42f7e05 elementor-align-left elementor-widget elementor-widget-button\" data-id=\"42f7e05\" data-element_type=\"widget\" data-e-type=\"widget\" data-widget_type=\"button.default\">\n\t\t\t\t<div class=\"elementor-widget-container\">\n\t\t\t\t\t\t\t\t\t<div class=\"elementor-button-wrapper\">\n\t\t\t\t\t<a class=\"elementor-button elementor-button-link elementor-size-sm\" href=\"https:\/\/duv-busvermietung.de\">\n\t\t\t\t\t\t<span class=\"elementor-button-content-wrapper\">\n\t\t\t\t\t\t\t\t\t<span class=\"elementor-button-text\">Request Now<\/span>\n\t\t\t\t\t<\/span>\n\t\t\t\t\t<\/a>\n\t\t\t\t<\/div>\n\t\t\t\t\t\t\t\t<\/div>\n\t\t\t\t<\/div>\n\t\t\t\t<\/div>\n\t\t<div class=\"elementor-element elementor-element-18690c9 e-con-full e-flex wpr-particle-no wpr-jarallax-no wpr-parallax-no wpr-sticky-section-no wpr-equal-height-no e-con e-child\" data-id=\"18690c9\" data-element_type=\"container\" data-e-type=\"container\" data-settings=\"{&quot;background_background&quot;:&quot;classic&quot;}\">\n\t\t\t\t<div class=\"elementor-element elementor-element-fbffbb3 elementor-widget elementor-widget-image\" data-id=\"fbffbb3\" data-element_type=\"widget\" data-e-type=\"widget\" data-widget_type=\"image.default\">\n\t\t\t\t<div class=\"elementor-widget-container\">\n\t\t\t\t\t\t\t\t\t\t\t\t\t\t\t<img decoding=\"async\" src=\"https:\/\/fuerst-reisen.de\/wp-content\/uploads\/2016\/03\/mercedes-v-klasse-business-1-fuerst-reisen.jpg\" title=\"\" alt=\"F\u00fcrst-Reisen UG (Haftungsbeschr\u00e4nkt)\" loading=\"lazy\" \/>\t\t\t\t\t\t\t\t\t\t\t\t\t\t\t<\/div>\n\t\t\t\t<\/div>\n\t\t\t\t<div class=\"elementor-element elementor-element-9e0c2ea elementor-widget elementor-widget-heading\" data-id=\"9e0c2ea\" data-element_type=\"widget\" data-e-type=\"widget\" data-widget_type=\"heading.default\">\n\t\t\t\t<div class=\"elementor-widget-container\">\n\t\t\t\t\t<h2 class=\"elementor-heading-title elementor-size-default\">Mercedes Benz Vito oder V-Klasse<\/h2>\t\t\t\t<\/div>\n\t\t\t\t<\/div>\n\t\t\t\t<div class=\"elementor-element elementor-element-c53fbd9 elementor-widget elementor-widget-text-editor\" data-id=\"c53fbd9\" data-element_type=\"widget\" data-e-type=\"widget\" data-widget_type=\"text-editor.default\">\n\t\t\t\t<div class=\"elementor-widget-container\">\n\t\t\t\t\t\t\t\t\t<p><strong>Personenanzahl:<\/strong> <br \/>6+1 <strong><br \/>Preise: <br \/><\/strong>City Transfer ab 104 \u20ac<br \/>2 Std. in Berlin ab 157\u20ac<br \/>6 Stunden ab 364 \u20ac<\/p>\t\t\t\t\t\t\t\t<\/div>\n\t\t\t\t<\/div>\n\t\t\t\t<div class=\"elementor-element elementor-element-d2935f0 elementor-align-left elementor-widget elementor-widget-button\" data-id=\"d2935f0\" data-element_type=\"widget\" data-e-type=\"widget\" data-widget_type=\"button.default\">\n\t\t\t\t<div class=\"elementor-widget-container\">\n\t\t\t\t\t\t\t\t\t<div class=\"elementor-button-wrapper\">\n\t\t\t\t\t<a class=\"elementor-button elementor-button-link elementor-size-sm\" href=\"https:\/\/duv-busvermietung.de\">\n\t\t\t\t\t\t<span class=\"elementor-button-content-wrapper\">\n\t\t\t\t\t\t\t\t\t<span class=\"elementor-button-text\">Request Now<\/span>\n\t\t\t\t\t<\/span>\n\t\t\t\t\t<\/a>\n\t\t\t\t<\/div>\n\t\t\t\t\t\t\t\t<\/div>\n\t\t\t\t<\/div>\n\t\t\t\t<\/div>\n\t\t<div class=\"elementor-element elementor-element-d79dd4d e-con-full e-flex wpr-particle-no wpr-jarallax-no wpr-parallax-no wpr-sticky-section-no wpr-equal-height-no e-con e-child\" data-id=\"d79dd4d\" data-element_type=\"container\" data-e-type=\"container\" data-settings=\"{&quot;background_background&quot;:&quot;classic&quot;}\">\n\t\t\t\t<div class=\"elementor-element elementor-element-7e913c7 elementor-widget elementor-widget-image\" data-id=\"7e913c7\" data-element_type=\"widget\" data-e-type=\"widget\" data-widget_type=\"image.default\">\n\t\t\t\t<div class=\"elementor-widget-container\">\n\t\t\t\t\t\t\t\t\t\t\t\t\t\t\t<img decoding=\"async\" src=\"https:\/\/fuerst-reisen.de\/wp-content\/uploads\/2016\/04\/mercedes-benz-e-klasse-exclusive-fuerst-reisen.jpg\" title=\"\" alt=\"F\u00fcrst-Reisen UG (Haftungsbeschr\u00e4nkt)\" loading=\"lazy\" \/>\t\t\t\t\t\t\t\t\t\t\t\t\t\t\t<\/div>\n\t\t\t\t<\/div>\n\t\t\t\t<div class=\"elementor-element elementor-element-40afb4b elementor-widget elementor-widget-heading\" data-id=\"40afb4b\" data-element_type=\"widget\" data-e-type=\"widget\" data-widget_type=\"heading.default\">\n\t\t\t\t<div class=\"elementor-widget-container\">\n\t\t\t\t\t<h2 class=\"elementor-heading-title elementor-size-default\">Mercedes Benz E-Klasse<\/h2>\t\t\t\t<\/div>\n\t\t\t\t<\/div>\n\t\t\t\t<div class=\"elementor-element elementor-element-043f87e elementor-widget elementor-widget-text-editor\" data-id=\"043f87e\" data-element_type=\"widget\" data-e-type=\"widget\" data-widget_type=\"text-editor.default\">\n\t\t\t\t<div class=\"elementor-widget-container\">\n\t\t\t\t\t\t\t\t\t<p><strong>Personenanzahl:<\/strong> <br \/>2+1 <strong><br \/>Preise: <br \/><\/strong>City Transfer ab 100 \u20ac<br \/>2 Std. in Berlin ab 150\u20ac<br \/>6 Stunden ab 350 \u20ac<\/p>\t\t\t\t\t\t\t\t<\/div>\n\t\t\t\t<\/div>\n\t\t\t\t<div class=\"elementor-element elementor-element-5cace62 elementor-align-left elementor-widget elementor-widget-button\" data-id=\"5cace62\" data-element_type=\"widget\" data-e-type=\"widget\" data-widget_type=\"button.default\">\n\t\t\t\t<div class=\"elementor-widget-container\">\n\t\t\t\t\t\t\t\t\t<div class=\"elementor-button-wrapper\">\n\t\t\t\t\t<a class=\"elementor-button elementor-button-link elementor-size-sm\" href=\"https:\/\/duv-busvermietung.de\">\n\t\t\t\t\t\t<span class=\"elementor-button-content-wrapper\">\n\t\t\t\t\t\t\t\t\t<span class=\"elementor-button-text\">Request Now<\/span>\n\t\t\t\t\t<\/span>\n\t\t\t\t\t<\/a>\n\t\t\t\t<\/div>\n\t\t\t\t\t\t\t\t<\/div>\n\t\t\t\t<\/div>\n\t\t\t\t<\/div>\n\t\t\t\t\t<\/div>\n\t\t\t\t<\/div>\n\t\t\t\t<\/div>","protected":false},"excerpt":{"rendered":"<p>Unsere Fahrzeugflotte Entdecken Sie unsere hochwertigen Fahrzeuge f\u00fcr Busvermietung, VIP-Transfers und Shuttle-Services \u2013 komfortabel, zuverl\u00e4ssig und perfekt f\u00fcr jede Gelegenheit. Kostenlos und unverbindlich anfragen Start Adresse Ziel Adresse Hinfahrt (Datum) Uhrzeit Hinfahrt R\u00fcckfahrt (Datum) Uhrzeit R\u00fcckfahrt Personenanzahl Kontaktdaten Reiseart Nur HinfahrtHin- und R\u00fcckfahrtStadtrundfahrtTagesfahrtMehrtagesfahrtStadtf\u00fchrer \/ GuideLimousinen-Service \u2714 Sichere \u00dcbermittlung durch SSL Verschl\u00fcsselung \u2714 Kostenlose telefonische Erstberatung \u2714 50 Jahre Erfahrung Datenschutzbedingungen akzeptieren Komfort und Sicherheit auf jeder Fahrt Unsere Busse Mercedes Benz Sprinter (16 Sitze) Der MB Sprinter bietet 16 Schlafsessel und einen Reiseleitersitz, jeweils mit einem Tisch ausgestattet. Der Bus ist mit Klimaanlage und Mikrofonen ausgestattet, um den Fahrg\u00e4sten einen hohen Komfort und eine angenehme Reiseerfahrung zu bieten. Jetzt Anfragen Iveco Cuby Midi Bus (25 Sitze) Der Iveco Cuby Midi Bus bietet Platz f\u00fcr 25 Schlafsessel und einen Reiseleitersitz. Jeder Sitz ist mit einem Tisch ausgestattet. Der Bus verf\u00fcgt \u00fcber Klimaanlage, Mikrofone und einen Flatscreen-Monitor f\u00fcr Komfort und Unterhaltung w\u00e4hrend der Fahrt. Jetzt Anfragen Reisebus MAN Lion*s Coach (49 \/ 53 \/ 57 Sitze) Der MAN Lion\u2019s Coach ist ein komfortabler Reisebus mit Sicherheitsgurten, Klimaanlage, Gep\u00e4ckablage, Leseleuchten, Armlehnen, Tischen, Fu\u00dfrasten, Radio\/CD, DVD-System, Mikrofon, Navigationssystem, K\u00fchlschrank, Bordk\u00fcche, WC und einem ger\u00e4umigen Kofferraum. Jetzt Anfragen Unsere Limousinen Alle unsere Limousinen sind mit einer Klimaanlage f\u00fcr optimalen Komfort, edler Lederausstattung und einem gro\u00dfz\u00fcgigen Gep\u00e4ckraum f\u00fcr ausreichend Stauraum ausgestattet. Mercedes Benz S-Klasse Personenanzahl: 2+1 Preise: City Transfer ab 112 \u20ac2 Std. in Berlin ab 168\u20ac6 Stunden ab 392 \u20ac Jetzt Anfragen Mercedes Benz Vito oder V-Klasse Personenanzahl: 6+1 Preise: City Transfer ab 104 \u20ac2 Std. in Berlin ab 157\u20ac6 Stunden ab 364 \u20ac Jetzt Anfragen Mercedes Benz E-Klasse Personenanzahl: 2+1 Preise: City Transfer ab 100 \u20ac2 Std. in Berlin ab 150\u20ac6 Stunden ab 350 \u20ac Jetzt Anfragen<\/p>","protected":false},"author":1,"featured_media":0,"parent":0,"menu_order":0,"comment_status":"closed","ping_status":"closed","template":"elementor_header_footer","meta":{"footnotes":""},"class_list":["post-19963","page","type-page","status-publish","hentry"],"yoast_head":"<!-- This site is optimized with the Yoast SEO plugin v27.4 - https:\/\/yoast.com\/product\/yoast-seo-wordpress\/ -->\n<title>Fahrzeuge - F\u00fcrst Reisen Berlin<\/title>\n<meta name=\"robots\" content=\"index, follow, max-snippet:-1, max-image-preview:large, max-video-preview:-1\" \/>\n<link rel=\"canonical\" href=\"https:\/\/fuerst-reisen.de\/en\/reisebus-und-kleinbus-service-2\/\" \/>\n<meta property=\"og:locale\" content=\"en_GB\" \/>\n<meta property=\"og:type\" content=\"article\" \/>\n<meta property=\"og:title\" content=\"Fahrzeuge - F\u00fcrst Reisen Berlin\" \/>\n<meta property=\"og:description\" content=\"Unsere Fahrzeugflotte Entdecken Sie unsere hochwertigen Fahrzeuge f\u00fcr Busvermietung, VIP-Transfers und Shuttle-Services \u2013 komfortabel, zuverl\u00e4ssig und perfekt f\u00fcr jede Gelegenheit. Kostenlos und unverbindlich anfragen Start Adresse Ziel Adresse Hinfahrt (Datum) Uhrzeit Hinfahrt R\u00fcckfahrt (Datum) Uhrzeit R\u00fcckfahrt Personenanzahl Kontaktdaten Reiseart Nur HinfahrtHin- und R\u00fcckfahrtStadtrundfahrtTagesfahrtMehrtagesfahrtStadtf\u00fchrer \/ GuideLimousinen-Service \u2714 Sichere \u00dcbermittlung durch SSL Verschl\u00fcsselung \u2714 Kostenlose telefonische Erstberatung \u2714 50 Jahre Erfahrung Datenschutzbedingungen akzeptieren Komfort und Sicherheit auf jeder Fahrt Unsere Busse Mercedes Benz Sprinter (16 Sitze) Der MB Sprinter bietet 16 Schlafsessel und einen Reiseleitersitz, jeweils mit einem Tisch ausgestattet. Der Bus ist mit Klimaanlage und Mikrofonen ausgestattet, um den Fahrg\u00e4sten einen hohen Komfort und eine angenehme Reiseerfahrung zu bieten. Jetzt Anfragen Iveco Cuby Midi Bus (25 Sitze) Der Iveco Cuby Midi Bus bietet Platz f\u00fcr 25 Schlafsessel und einen Reiseleitersitz. Jeder Sitz ist mit einem Tisch ausgestattet. Der Bus verf\u00fcgt \u00fcber Klimaanlage, Mikrofone und einen Flatscreen-Monitor f\u00fcr Komfort und Unterhaltung w\u00e4hrend der Fahrt. Jetzt Anfragen Reisebus MAN Lion*s Coach (49 \/ 53 \/ 57 Sitze) Der MAN Lion\u2019s Coach ist ein komfortabler Reisebus mit Sicherheitsgurten, Klimaanlage, Gep\u00e4ckablage, Leseleuchten, Armlehnen, Tischen, Fu\u00dfrasten, Radio\/CD, DVD-System, Mikrofon, Navigationssystem, K\u00fchlschrank, Bordk\u00fcche, WC und einem ger\u00e4umigen Kofferraum. Jetzt Anfragen Unsere Limousinen Alle unsere Limousinen sind mit einer Klimaanlage f\u00fcr optimalen Komfort, edler Lederausstattung und einem gro\u00dfz\u00fcgigen Gep\u00e4ckraum f\u00fcr ausreichend Stauraum ausgestattet. Mercedes Benz S-Klasse Personenanzahl: 2+1 Preise: City Transfer ab 112 \u20ac2 Std. in Berlin ab 168\u20ac6 Stunden ab 392 \u20ac Jetzt Anfragen Mercedes Benz Vito oder V-Klasse Personenanzahl: 6+1 Preise: City Transfer ab 104 \u20ac2 Std. in Berlin ab 157\u20ac6 Stunden ab 364 \u20ac Jetzt Anfragen Mercedes Benz E-Klasse Personenanzahl: 2+1 Preise: City Transfer ab 100 \u20ac2 Std. in Berlin ab 150\u20ac6 Stunden ab 350 \u20ac Jetzt Anfragen\" \/>\n<meta property=\"og:url\" content=\"https:\/\/fuerst-reisen.de\/en\/reisebus-und-kleinbus-service-2\/\" \/>\n<meta property=\"og:site_name\" content=\"F\u00fcrst Reisen Berlin\" \/>\n<meta property=\"article:modified_time\" content=\"2025-01-13T14:32:16+00:00\" \/>\n<meta property=\"og:image\" content=\"https:\/\/fuerst-reisen.de\/wp-content\/uploads\/2021\/06\/siegel_50_Jahre.png\" \/>\n<meta name=\"twitter:card\" content=\"summary_large_image\" \/>\n<meta name=\"twitter:label1\" content=\"Estimated reading time\" \/>\n\t<meta name=\"twitter:data1\" content=\"3 minutes\" \/>\n<script type=\"application\/ld+json\" class=\"yoast-schema-graph\">{\"@context\":\"https:\\\/\\\/schema.org\",\"@graph\":[{\"@type\":\"WebPage\",\"@id\":\"https:\\\/\\\/fuerst-reisen.de\\\/reisebus-und-kleinbus-service-2\\\/\",\"url\":\"https:\\\/\\\/fuerst-reisen.de\\\/reisebus-und-kleinbus-service-2\\\/\",\"name\":\"Fahrzeuge - F\u00fcrst Reisen Berlin\",\"isPartOf\":{\"@id\":\"https:\\\/\\\/fuerst-reisen.de\\\/#website\"},\"primaryImageOfPage\":{\"@id\":\"https:\\\/\\\/fuerst-reisen.de\\\/reisebus-und-kleinbus-service-2\\\/#primaryimage\"},\"image\":{\"@id\":\"https:\\\/\\\/fuerst-reisen.de\\\/reisebus-und-kleinbus-service-2\\\/#primaryimage\"},\"thumbnailUrl\":\"https:\\\/\\\/fuerst-reisen.de\\\/wp-content\\\/uploads\\\/2021\\\/06\\\/siegel_50_Jahre.png\",\"datePublished\":\"2024-12-16T14:47:55+00:00\",\"dateModified\":\"2025-01-13T14:32:16+00:00\",\"breadcrumb\":{\"@id\":\"https:\\\/\\\/fuerst-reisen.de\\\/reisebus-und-kleinbus-service-2\\\/#breadcrumb\"},\"inLanguage\":\"en-GB\",\"potentialAction\":[{\"@type\":\"ReadAction\",\"target\":[\"https:\\\/\\\/fuerst-reisen.de\\\/reisebus-und-kleinbus-service-2\\\/\"]}]},{\"@type\":\"ImageObject\",\"inLanguage\":\"en-GB\",\"@id\":\"https:\\\/\\\/fuerst-reisen.de\\\/reisebus-und-kleinbus-service-2\\\/#primaryimage\",\"url\":\"https:\\\/\\\/fuerst-reisen.de\\\/wp-content\\\/uploads\\\/2021\\\/06\\\/siegel_50_Jahre.png\",\"contentUrl\":\"https:\\\/\\\/fuerst-reisen.de\\\/wp-content\\\/uploads\\\/2021\\\/06\\\/siegel_50_Jahre.png\"},{\"@type\":\"BreadcrumbList\",\"@id\":\"https:\\\/\\\/fuerst-reisen.de\\\/reisebus-und-kleinbus-service-2\\\/#breadcrumb\",\"itemListElement\":[{\"@type\":\"ListItem\",\"position\":1,\"name\":\"Startseite\",\"item\":\"https:\\\/\\\/fuerst-reisen.de\\\/\"},{\"@type\":\"ListItem\",\"position\":2,\"name\":\"Fahrzeuge\"}]},{\"@type\":\"WebSite\",\"@id\":\"https:\\\/\\\/fuerst-reisen.de\\\/#website\",\"url\":\"https:\\\/\\\/fuerst-reisen.de\\\/\",\"name\":\"F\u00fcrst Reisen Berlin\",\"description\":\"\",\"potentialAction\":[{\"@type\":\"SearchAction\",\"target\":{\"@type\":\"EntryPoint\",\"urlTemplate\":\"https:\\\/\\\/fuerst-reisen.de\\\/?s={search_term_string}\"},\"query-input\":{\"@type\":\"PropertyValueSpecification\",\"valueRequired\":true,\"valueName\":\"search_term_string\"}}],\"inLanguage\":\"en-GB\"}]}<\/script>\n<!-- \/ Yoast SEO plugin. -->","yoast_head_json":{"title":"Fahrzeuge - F\u00fcrst Reisen Berlin","robots":{"index":"index","follow":"follow","max-snippet":"max-snippet:-1","max-image-preview":"max-image-preview:large","max-video-preview":"max-video-preview:-1"},"canonical":"https:\/\/fuerst-reisen.de\/en\/reisebus-und-kleinbus-service-2\/","og_locale":"en_GB","og_type":"article","og_title":"Fahrzeuge - F\u00fcrst Reisen Berlin","og_description":"Unsere Fahrzeugflotte Entdecken Sie unsere hochwertigen Fahrzeuge f\u00fcr Busvermietung, VIP-Transfers und Shuttle-Services \u2013 komfortabel, zuverl\u00e4ssig und perfekt f\u00fcr jede Gelegenheit. Kostenlos und unverbindlich anfragen Start Adresse Ziel Adresse Hinfahrt (Datum) Uhrzeit Hinfahrt R\u00fcckfahrt (Datum) Uhrzeit R\u00fcckfahrt Personenanzahl Kontaktdaten Reiseart Nur HinfahrtHin- und R\u00fcckfahrtStadtrundfahrtTagesfahrtMehrtagesfahrtStadtf\u00fchrer \/ GuideLimousinen-Service \u2714 Sichere \u00dcbermittlung durch SSL Verschl\u00fcsselung \u2714 Kostenlose telefonische Erstberatung \u2714 50 Jahre Erfahrung Datenschutzbedingungen akzeptieren Komfort und Sicherheit auf jeder Fahrt Unsere Busse Mercedes Benz Sprinter (16 Sitze) Der MB Sprinter bietet 16 Schlafsessel und einen Reiseleitersitz, jeweils mit einem Tisch ausgestattet. Der Bus ist mit Klimaanlage und Mikrofonen ausgestattet, um den Fahrg\u00e4sten einen hohen Komfort und eine angenehme Reiseerfahrung zu bieten. Jetzt Anfragen Iveco Cuby Midi Bus (25 Sitze) Der Iveco Cuby Midi Bus bietet Platz f\u00fcr 25 Schlafsessel und einen Reiseleitersitz. Jeder Sitz ist mit einem Tisch ausgestattet. Der Bus verf\u00fcgt \u00fcber Klimaanlage, Mikrofone und einen Flatscreen-Monitor f\u00fcr Komfort und Unterhaltung w\u00e4hrend der Fahrt. Jetzt Anfragen Reisebus MAN Lion*s Coach (49 \/ 53 \/ 57 Sitze) Der MAN Lion\u2019s Coach ist ein komfortabler Reisebus mit Sicherheitsgurten, Klimaanlage, Gep\u00e4ckablage, Leseleuchten, Armlehnen, Tischen, Fu\u00dfrasten, Radio\/CD, DVD-System, Mikrofon, Navigationssystem, K\u00fchlschrank, Bordk\u00fcche, WC und einem ger\u00e4umigen Kofferraum. Jetzt Anfragen Unsere Limousinen Alle unsere Limousinen sind mit einer Klimaanlage f\u00fcr optimalen Komfort, edler Lederausstattung und einem gro\u00dfz\u00fcgigen Gep\u00e4ckraum f\u00fcr ausreichend Stauraum ausgestattet. Mercedes Benz S-Klasse Personenanzahl: 2+1 Preise: City Transfer ab 112 \u20ac2 Std. in Berlin ab 168\u20ac6 Stunden ab 392 \u20ac Jetzt Anfragen Mercedes Benz Vito oder V-Klasse Personenanzahl: 6+1 Preise: City Transfer ab 104 \u20ac2 Std. in Berlin ab 157\u20ac6 Stunden ab 364 \u20ac Jetzt Anfragen Mercedes Benz E-Klasse Personenanzahl: 2+1 Preise: City Transfer ab 100 \u20ac2 Std. in Berlin ab 150\u20ac6 Stunden ab 350 \u20ac Jetzt Anfragen","og_url":"https:\/\/fuerst-reisen.de\/en\/reisebus-und-kleinbus-service-2\/","og_site_name":"F\u00fcrst Reisen Berlin","article_modified_time":"2025-01-13T14:32:16+00:00","og_image":[{"url":"https:\/\/fuerst-reisen.de\/wp-content\/uploads\/2021\/06\/siegel_50_Jahre.png","type":"","width":"","height":""}],"twitter_card":"summary_large_image","twitter_misc":{"Estimated reading time":"3 minutes"},"schema":{"@context":"https:\/\/schema.org","@graph":[{"@type":"WebPage","@id":"https:\/\/fuerst-reisen.de\/reisebus-und-kleinbus-service-2\/","url":"https:\/\/fuerst-reisen.de\/reisebus-und-kleinbus-service-2\/","name":"Fahrzeuge - F\u00fcrst Reisen Berlin","isPartOf":{"@id":"https:\/\/fuerst-reisen.de\/#website"},"primaryImageOfPage":{"@id":"https:\/\/fuerst-reisen.de\/reisebus-und-kleinbus-service-2\/#primaryimage"},"image":{"@id":"https:\/\/fuerst-reisen.de\/reisebus-und-kleinbus-service-2\/#primaryimage"},"thumbnailUrl":"https:\/\/fuerst-reisen.de\/wp-content\/uploads\/2021\/06\/siegel_50_Jahre.png","datePublished":"2024-12-16T14:47:55+00:00","dateModified":"2025-01-13T14:32:16+00:00","breadcrumb":{"@id":"https:\/\/fuerst-reisen.de\/reisebus-und-kleinbus-service-2\/#breadcrumb"},"inLanguage":"en-GB","potentialAction":[{"@type":"ReadAction","target":["https:\/\/fuerst-reisen.de\/reisebus-und-kleinbus-service-2\/"]}]},{"@type":"ImageObject","inLanguage":"en-GB","@id":"https:\/\/fuerst-reisen.de\/reisebus-und-kleinbus-service-2\/#primaryimage","url":"https:\/\/fuerst-reisen.de\/wp-content\/uploads\/2021\/06\/siegel_50_Jahre.png","contentUrl":"https:\/\/fuerst-reisen.de\/wp-content\/uploads\/2021\/06\/siegel_50_Jahre.png"},{"@type":"BreadcrumbList","@id":"https:\/\/fuerst-reisen.de\/reisebus-und-kleinbus-service-2\/#breadcrumb","itemListElement":[{"@type":"ListItem","position":1,"name":"Startseite","item":"https:\/\/fuerst-reisen.de\/"},{"@type":"ListItem","position":2,"name":"Fahrzeuge"}]},{"@type":"WebSite","@id":"https:\/\/fuerst-reisen.de\/#website","url":"https:\/\/fuerst-reisen.de\/","name":"F\u00fcrst Reisen Berlin","description":"","potentialAction":[{"@type":"SearchAction","target":{"@type":"EntryPoint","urlTemplate":"https:\/\/fuerst-reisen.de\/?s={search_term_string}"},"query-input":{"@type":"PropertyValueSpecification","valueRequired":true,"valueName":"search_term_string"}}],"inLanguage":"en-GB"}]}},"_links":{"self":[{"href":"https:\/\/fuerst-reisen.de\/en\/wp-json\/wp\/v2\/pages\/19963","targetHints":{"allow":["GET"]}}],"collection":[{"href":"https:\/\/fuerst-reisen.de\/en\/wp-json\/wp\/v2\/pages"}],"about":[{"href":"https:\/\/fuerst-reisen.de\/en\/wp-json\/wp\/v2\/types\/page"}],"author":[{"embeddable":true,"href":"https:\/\/fuerst-reisen.de\/en\/wp-json\/wp\/v2\/users\/1"}],"replies":[{"embeddable":true,"href":"https:\/\/fuerst-reisen.de\/en\/wp-json\/wp\/v2\/comments?post=19963"}],"version-history":[{"count":0,"href":"https:\/\/fuerst-reisen.de\/en\/wp-json\/wp\/v2\/pages\/19963\/revisions"}],"wp:attachment":[{"href":"https:\/\/fuerst-reisen.de\/en\/wp-json\/wp\/v2\/media?parent=19963"}],"curies":[{"name":"wp","href":"https:\/\/api.w.org\/{rel}","templated":true}]}}